{"id":98,"date":"2021-02-22T22:02:37","date_gmt":"2021-02-22T22:02:37","guid":{"rendered":"https:\/\/scdeec.tecnico.ulisboa.pt\/mepp\/?page_id=98"},"modified":"2021-04-15T15:48:54","modified_gmt":"2021-04-15T15:48:54","slug":"licenciatura","status":"publish","type":"page","link":"https:\/\/scdeec.tecnico.ulisboa.pt\/mepp\/index.php\/licenciatura\/","title":{"rendered":"LEEC"},"content":{"rendered":"\n<h2 class=\"wp-block-heading\">LEEC<\/h2>\n\n\n\n<h5 class=\"wp-block-heading\">Licenciatura em Engenharia Eletrot\u00e9cnica e de Computadores<\/h5>\n\n\n\n<p>Esta p\u00e1gina encontra-se dividida em duas sec\u00e7\u00f5es: <a href=\"#plan\" data-type=\"internal\" data-id=\"#plan\">&#8220;Planifica\u00e7\u00e3o por Semestres e Per\u00edodos&#8221;<\/a>, e <a href=\"#auc\" data-type=\"internal\" data-id=\"#auc\">&#8220;\u00c1reas e Unidades Curriculares&#8221;<\/a>. Os <a href=\"https:\/\/mepp.tecnico.ulisboa.pt\/reestruturacao1ciclo\/\" data-type=\"URL\" data-id=\"https:\/\/mepp.tecnico.ulisboa.pt\/reestruturacao1ciclo\/\">planos de estudos das licenciaturas<\/a> no Instituto Superior T\u00e9cnico e o <a href=\"https:\/\/mepp.tecnico.ulisboa.pt\/files\/sites\/116\/leecengenharia-eletrotecnica-e-de-computadores-plano-de-transicao.pdf\" data-type=\"URL\" data-id=\"https:\/\/mepp.tecnico.ulisboa.pt\/files\/sites\/116\/leecengenharia-eletrotecnica-e-de-computadores-plano-de-transicao.pdf\">plano de transi\u00e7\u00e3o do curso de Engenharia Electrot\u00e9cnica e de Computadores<\/a> podem ser consultados no <a href=\"https:\/\/mepp.tecnico.ulisboa.pt\/\" data-type=\"URL\" data-id=\"https:\/\/mepp.tecnico.ulisboa.pt\/\">site do MEPP<\/a>. <\/p>\n\n\n\n<h3 class=\"wp-block-heading\" id=\"plan\">Planifica\u00e7\u00e3o por Semestres e Per\u00edodos<\/h3>\n\n\n\n<p>As cadeiras s\u00e3o dadas em regime semestral ou em per\u00edodos. Por exemplo: C\u00e1lculo Diferencial Integral II \u00e9 uma cadeira de 6 ECTS que dura um semestre (dois per\u00edodos); Programa\u00e7\u00e3o \u00e9 uma cadeira de 6 ECTS que dura meio semestre (um per\u00edodo); Elementos da Teoria da Computa\u00e7\u00e3o \u00e9 uma cadeira de 3 ECTS que dura meio semestre (um per\u00edodo).<\/p>\n\n\n\n<div class=\"wp-block-image\"><figure class=\"aligncenter size-large\"><img loading=\"lazy\" decoding=\"async\" width=\"1024\" height=\"427\" src=\"https:\/\/scdeec.tecnico.ulisboa.pt\/mepp\/wp-content\/uploads\/2021\/03\/1oano-1024x427.png\" alt=\"\" class=\"wp-image-1115\" srcset=\"https:\/\/scdeec.tecnico.ulisboa.pt\/mepp\/wp-content\/uploads\/2021\/03\/1oano-1024x427.png 1024w, https:\/\/scdeec.tecnico.ulisboa.pt\/mepp\/wp-content\/uploads\/2021\/03\/1oano-300x125.png 300w, https:\/\/scdeec.tecnico.ulisboa.pt\/mepp\/wp-content\/uploads\/2021\/03\/1oano-768x320.png 768w, https:\/\/scdeec.tecnico.ulisboa.pt\/mepp\/wp-content\/uploads\/2021\/03\/1oano-1536x640.png 1536w, https:\/\/scdeec.tecnico.ulisboa.pt\/mepp\/wp-content\/uploads\/2021\/03\/1oano.png 1807w\" sizes=\"auto, (max-width: 1024px) 100vw, 1024px\" \/><\/figure><\/div>\n\n\n\n<div class=\"wp-block-image\"><figure class=\"aligncenter size-large\"><img loading=\"lazy\" decoding=\"async\" width=\"1024\" height=\"428\" src=\"https:\/\/scdeec.tecnico.ulisboa.pt\/mepp\/wp-content\/uploads\/2021\/03\/2oano-1024x428.png\" alt=\"\" class=\"wp-image-1116\" srcset=\"https:\/\/scdeec.tecnico.ulisboa.pt\/mepp\/wp-content\/uploads\/2021\/03\/2oano-1024x428.png 1024w, https:\/\/scdeec.tecnico.ulisboa.pt\/mepp\/wp-content\/uploads\/2021\/03\/2oano-300x125.png 300w, https:\/\/scdeec.tecnico.ulisboa.pt\/mepp\/wp-content\/uploads\/2021\/03\/2oano-768x321.png 768w, https:\/\/scdeec.tecnico.ulisboa.pt\/mepp\/wp-content\/uploads\/2021\/03\/2oano-1536x641.png 1536w, https:\/\/scdeec.tecnico.ulisboa.pt\/mepp\/wp-content\/uploads\/2021\/03\/2oano.png 1806w\" sizes=\"auto, (max-width: 1024px) 100vw, 1024px\" \/><\/figure><\/div>\n\n\n\n<div class=\"wp-block-image\"><figure class=\"aligncenter size-large\"><img loading=\"lazy\" decoding=\"async\" width=\"1024\" height=\"428\" src=\"https:\/\/scdeec.tecnico.ulisboa.pt\/mepp\/wp-content\/uploads\/2021\/03\/3oano-1024x428.png\" alt=\"\" class=\"wp-image-1117\" srcset=\"https:\/\/scdeec.tecnico.ulisboa.pt\/mepp\/wp-content\/uploads\/2021\/03\/3oano-1024x428.png 1024w, https:\/\/scdeec.tecnico.ulisboa.pt\/mepp\/wp-content\/uploads\/2021\/03\/3oano-300x125.png 300w, https:\/\/scdeec.tecnico.ulisboa.pt\/mepp\/wp-content\/uploads\/2021\/03\/3oano-768x321.png 768w, https:\/\/scdeec.tecnico.ulisboa.pt\/mepp\/wp-content\/uploads\/2021\/03\/3oano-1536x641.png 1536w, https:\/\/scdeec.tecnico.ulisboa.pt\/mepp\/wp-content\/uploads\/2021\/03\/3oano.png 1808w\" sizes=\"auto, (max-width: 1024px) 100vw, 1024px\" \/><\/figure><\/div>\n\n\n\n<div class=\"wp-block-image\"><figure class=\"aligncenter size-large\"><img loading=\"lazy\" decoding=\"async\" width=\"1024\" height=\"149\" src=\"https:\/\/scdeec.tecnico.ulisboa.pt\/mepp\/wp-content\/uploads\/2021\/03\/legenda-2-1024x149.png\" alt=\"\" class=\"wp-image-1138\" srcset=\"https:\/\/scdeec.tecnico.ulisboa.pt\/mepp\/wp-content\/uploads\/2021\/03\/legenda-2-1024x149.png 1024w, https:\/\/scdeec.tecnico.ulisboa.pt\/mepp\/wp-content\/uploads\/2021\/03\/legenda-2-300x44.png 300w, https:\/\/scdeec.tecnico.ulisboa.pt\/mepp\/wp-content\/uploads\/2021\/03\/legenda-2-768x112.png 768w, https:\/\/scdeec.tecnico.ulisboa.pt\/mepp\/wp-content\/uploads\/2021\/03\/legenda-2.png 1535w\" sizes=\"auto, (max-width: 1024px) 100vw, 1024px\" \/><\/figure><\/div>\n\n\n\n<h3 class=\"wp-block-heading\" id=\"auc\">\u00c1reas e Unidades Curriculares<\/h3>\n\n\n\n<p>A Licenciatura em Engenharia Electrot\u00e9cnica e de Computadores (LEEC) \u00e9 composta por Unidades Curriculares que totalizam 180 ECTS, distribuindo-se por cinco \u00e1reas distintas:<\/p>\n\n\n\n<ul class=\"wp-block-list\"><li><a href=\"#ffl\" data-type=\"internal\" data-id=\"#ffl\">Forma\u00e7\u00e3o Fundamental [60 ECTS]<\/a><\/li><li><a href=\"#apl\" data-type=\"internal\" data-id=\"#apl\">\u00c1rea Principal [93 ECTS]<\/a><\/li><li><a href=\"#hass\" data-type=\"internal\" data-id=\"#hass\">Humanidades, Artes e Ci\u00eancias Sociais [9 ECTS]<\/a><\/li><li><a href=\"#pm\" data-type=\"internal\" data-id=\"#pm\">Pr\u00e9-Major [12 ECTS]<\/a><\/li><li><a href=\"#pi\" data-type=\"internal\" data-id=\"#pi\">Projecto Integrador [6 ECTS]<\/a><\/li><\/ul>\n\n\n\n<h4 class=\"wp-block-heading\" id=\"ffl\">Forma\u00e7\u00e3o Fundamental [60 ECTS]<\/h4>\n\n\n\n<figure class=\"wp-block-table is-style-stripes\"><table><thead><tr><th class=\"has-text-align-left\" data-align=\"left\">Unidade Curricular<\/th><th class=\"has-text-align-center\" data-align=\"center\">Per\u00edodo<\/th><th class=\"has-text-align-center\" data-align=\"center\">ECTS<\/th><\/tr><\/thead><tbody><tr><td class=\"has-text-align-left\" data-align=\"left\"><a href=\"https:\/\/fenix.tecnico.ulisboa.pt\/cursos\/leec21\/disciplina-curricular\/845953938489743\" target=\"_blank\" rel=\"noreferrer noopener\">\u00c1lgebra Linear<\/a><\/td><td class=\"has-text-align-center\" data-align=\"center\">Ano 1, Sem. 1<\/td><td class=\"has-text-align-center\" data-align=\"center\">6<\/td><\/tr><tr><td class=\"has-text-align-left\" data-align=\"left\"><a href=\"https:\/\/fenix.tecnico.ulisboa.pt\/cursos\/leec21\/disciplina-curricular\/845953938489744\" target=\"_blank\" rel=\"noreferrer noopener\">C\u00e1lculo Diferencial e Integral I<\/a><\/td><td class=\"has-text-align-center\" data-align=\"center\">Ano 1, Sem. 1<\/td><td class=\"has-text-align-center\" data-align=\"center\">6<\/td><\/tr><tr><td class=\"has-text-align-left\" data-align=\"left\"><a href=\"https:\/\/fenix.tecnico.ulisboa.pt\/cursos\/leec21\/disciplina-curricular\/283003985068529\" target=\"_blank\" rel=\"noreferrer noopener\">Elementos de Teoria da Computa\u00e7\u00e3o<\/a><\/td><td class=\"has-text-align-center\" data-align=\"center\">Ano 1, P2<\/td><td class=\"has-text-align-center\" data-align=\"center\">3<\/td><\/tr><tr><td class=\"has-text-align-left\" data-align=\"left\"><a href=\"https:\/\/fenix.tecnico.ulisboa.pt\/cursos\/leec21\/disciplina-curricular\/845953938489750\" target=\"_blank\" rel=\"noreferrer noopener\">Qu\u00edmica Geral<\/a><\/td><td class=\"has-text-align-center\" data-align=\"center\">Ano 1, P1<\/td><td class=\"has-text-align-center\" data-align=\"center\">6<\/td><\/tr><tr><td class=\"has-text-align-left\" data-align=\"left\"><a href=\"https:\/\/fenix.tecnico.ulisboa.pt\/cursos\/leec21\/disciplina-curricular\/845953938489745\" target=\"_blank\" rel=\"noreferrer noopener\">C\u00e1lculo Diferencial e Integral II<\/a><\/td><td class=\"has-text-align-center\" data-align=\"center\">Ano 1, Sem. 2<\/td><td class=\"has-text-align-center\" data-align=\"center\">6<\/td><\/tr><tr><td class=\"has-text-align-left\" data-align=\"left\"><a href=\"https:\/\/fenix.tecnico.ulisboa.pt\/cursos\/leec21\/disciplina-curricular\/845953938489748\" target=\"_blank\" rel=\"noreferrer noopener\">F\u00edsica 1 com Laborat\u00f3rio<\/a><\/td><td class=\"has-text-align-center\" data-align=\"center\">Ano 1, P3<\/td><td class=\"has-text-align-center\" data-align=\"center\">6<\/td><\/tr><tr><td class=\"has-text-align-left\" data-align=\"left\"><a href=\"https:\/\/fenix.tecnico.ulisboa.pt\/cursos\/leec21\/disciplina-curricular\/845953938489749\" target=\"_blank\" rel=\"noreferrer noopener\">F\u00edsica 2 com Laborat\u00f3rio<\/a><\/td><td class=\"has-text-align-center\" data-align=\"center\">Ano 1, P4<\/td><td class=\"has-text-align-center\" data-align=\"center\">6<\/td><\/tr><tr><td class=\"has-text-align-left\" data-align=\"left\"><a href=\"https:\/\/fenix.tecnico.ulisboa.pt\/cursos\/leec21\/disciplina-curricular\/845953938489752\" target=\"_blank\" rel=\"noreferrer noopener\">Programa\u00e7\u00e3o<\/a><\/td><td class=\"has-text-align-center\" data-align=\"center\">Ano 1, P3<\/td><td class=\"has-text-align-center\" data-align=\"center\">6<\/td><\/tr><tr><td class=\"has-text-align-left\" data-align=\"left\"><a href=\"https:\/\/fenix.tecnico.ulisboa.pt\/cursos\/leec21\/disciplina-curricular\/845953938489746\" target=\"_blank\" rel=\"noreferrer noopener\">C\u00e1lculo Diferencial e Integral III<\/a><\/td><td class=\"has-text-align-center\" data-align=\"center\">Ano 2, Sem. 1<\/td><td class=\"has-text-align-center\" data-align=\"center\">6<\/td><\/tr><tr><td class=\"has-text-align-left\" data-align=\"left\"><a href=\"https:\/\/fenix.tecnico.ulisboa.pt\/cursos\/leec21\/disciplina-curricular\/283003985068528\" target=\"_blank\" rel=\"noreferrer noopener\">F\u00edsica 3<\/a><\/td><td class=\"has-text-align-center\" data-align=\"center\">Ano 2, P2<\/td><td class=\"has-text-align-center\" data-align=\"center\">3<\/td><\/tr><tr><td class=\"has-text-align-left\" data-align=\"left\"><a href=\"https:\/\/fenix.tecnico.ulisboa.pt\/cursos\/leec21\/disciplina-curricular\/845953938489747\" target=\"_blank\" rel=\"noreferrer noopener\">Probabilidade e Estat\u00edstica<\/a><\/td><td class=\"has-text-align-center\" data-align=\"center\">Ano 2, Sem. 2<\/td><td class=\"has-text-align-center\" data-align=\"center\">6<\/td><\/tr><\/tbody><\/table><\/figure>\n\n\n\n<h4 class=\"wp-block-heading\" id=\"apl\">\u00c1rea Principal [93 ECTS]<\/h4>\n\n\n\n<figure class=\"wp-block-table is-style-stripes\"><table><thead><tr><th class=\"has-text-align-left\" data-align=\"left\">Unidade Curricular<\/th><th class=\"has-text-align-center\" data-align=\"center\"><strong>Per\u00edodo<\/strong><\/th><th class=\"has-text-align-center\" data-align=\"center\">ECTS<\/th><\/tr><\/thead><tbody><tr><td class=\"has-text-align-left\" data-align=\"left\"><a href=\"https:\/\/fenix.tecnico.ulisboa.pt\/cursos\/leec21\/disciplina-curricular\/845953938489757\" target=\"_blank\" rel=\"noreferrer noopener\">Sistemas Digitais<\/a><\/td><td class=\"has-text-align-center\" data-align=\"center\">Ano 1, P2<\/td><td class=\"has-text-align-center\" data-align=\"center\">6<\/td><\/tr><tr><td class=\"has-text-align-left\" data-align=\"left\"><a href=\"https:\/\/fenix.tecnico.ulisboa.pt\/cursos\/leec21\/disciplina-curricular\/845953938489758\" target=\"_blank\" rel=\"noreferrer noopener\">Arquitectura de Computadores<\/a><\/td><td class=\"has-text-align-center\" data-align=\"center\">Ano 1, P4<\/td><td class=\"has-text-align-center\" data-align=\"center\">6<\/td><\/tr><tr><td class=\"has-text-align-left\" data-align=\"left\"><a href=\"https:\/\/fenix.tecnico.ulisboa.pt\/cursos\/leec21\/disciplina-curricular\/845953938489754\" target=\"_blank\" rel=\"noreferrer noopener\">Algoritmos e Estrutura de Dados<\/a><\/td><td class=\"has-text-align-center\" data-align=\"center\">Ano 2, P1<\/td><td class=\"has-text-align-center\" data-align=\"center\">6<\/td><\/tr><tr><td class=\"has-text-align-left\" data-align=\"left\"><a href=\"https:\/\/fenix.tecnico.ulisboa.pt\/cursos\/leec21\/disciplina-curricular\/1690378868621442\" target=\"_blank\" rel=\"noreferrer noopener\">An\u00e1lise de Circuitos<\/a><\/td><td class=\"has-text-align-center\" data-align=\"center\">Ano 2, P1<\/td><td class=\"has-text-align-center\" data-align=\"center\">6<\/td><\/tr><tr><td class=\"has-text-align-left\" data-align=\"left\"><a href=\"https:\/\/fenix.tecnico.ulisboa.pt\/cursos\/leec21\/disciplina-curricular\/1690378868621445\" target=\"_blank\" rel=\"noreferrer noopener\">Electrotecnia Te\u00f3rica<\/a><\/td><td class=\"has-text-align-center\" data-align=\"center\">Ano 2, P3<\/td><td class=\"has-text-align-center\" data-align=\"center\">6<\/td><\/tr><tr><td class=\"has-text-align-left\" data-align=\"left\"><a href=\"https:\/\/fenix.tecnico.ulisboa.pt\/cursos\/leec21\/disciplina-curricular\/1690378868621449\" target=\"_blank\" rel=\"noreferrer noopener\">Programa\u00e7\u00e3o Concorrente<\/a><\/td><td class=\"has-text-align-center\" data-align=\"center\">Ano 2, P2<\/td><td class=\"has-text-align-center\" data-align=\"center\">3<\/td><\/tr><tr><td class=\"has-text-align-left\" data-align=\"left\"><a href=\"https:\/\/fenix.tecnico.ulisboa.pt\/cursos\/leec21\/disciplina-curricular\/1690378868621452\" target=\"_blank\" rel=\"noreferrer noopener\">Sinais e Sistemas<\/a><\/td><td class=\"has-text-align-center\" data-align=\"center\">Ano 2, P2<\/td><td class=\"has-text-align-center\" data-align=\"center\">6<\/td><\/tr><tr><td class=\"has-text-align-left\" data-align=\"left\"><a href=\"https:\/\/fenix.tecnico.ulisboa.pt\/cursos\/leec21\/disciplina-curricular\/1690378868621443\" target=\"_blank\" rel=\"noreferrer noopener\">Circuitos Electr\u00f3nicos<\/a><\/td><td class=\"has-text-align-center\" data-align=\"center\">Ano 2, P4<\/td><td class=\"has-text-align-center\" data-align=\"center\">6<\/td><\/tr><tr><td class=\"has-text-align-left\" data-align=\"left\"><a href=\"https:\/\/fenix.tecnico.ulisboa.pt\/cursos\/leec21\/disciplina-curricular\/1690378868621444\" target=\"_blank\" rel=\"noreferrer noopener\">Controlo<\/a><\/td><td class=\"has-text-align-center\" data-align=\"center\">Ano 2, P4<\/td><td class=\"has-text-align-center\" data-align=\"center\">6<\/td><\/tr><tr><td class=\"has-text-align-left\" data-align=\"left\"><a href=\"https:\/\/fenix.tecnico.ulisboa.pt\/cursos\/leec21\/disciplina-curricular\/1690378868621447\" target=\"_blank\" rel=\"noreferrer noopener\">Instrumenta\u00e7\u00e3o e Medidas<\/a><\/td><td class=\"has-text-align-center\" data-align=\"center\">Ano 2, P3<\/td><td class=\"has-text-align-center\" data-align=\"center\">6<\/td><\/tr><tr><td class=\"has-text-align-left\" data-align=\"left\"><a href=\"https:\/\/fenix.tecnico.ulisboa.pt\/cursos\/leec21\/disciplina-curricular\/1690378868621446\" target=\"_blank\" rel=\"noreferrer noopener\">Fundamentos de Energia El\u00e9ctrica<\/a><\/td><td class=\"has-text-align-center\" data-align=\"center\">Ano 3, P1<\/td><td class=\"has-text-align-center\" data-align=\"center\">6<\/td><\/tr><tr><td class=\"has-text-align-left\" data-align=\"left\"><a href=\"https:\/\/fenix.tecnico.ulisboa.pt\/cursos\/leec21\/disciplina-curricular\/1690378868621448\" target=\"_blank\" rel=\"noreferrer noopener\">Modela\u00e7\u00e3o e Simula\u00e7\u00e3o<\/a><\/td><td class=\"has-text-align-center\" data-align=\"center\">Ano 3, P2<\/td><td class=\"has-text-align-center\" data-align=\"center\">6<\/td><\/tr><tr><td class=\"has-text-align-left\" data-align=\"left\"><a href=\"https:\/\/fenix.tecnico.ulisboa.pt\/cursos\/leec21\/disciplina-curricular\/1690378868621450\" target=\"_blank\" rel=\"noreferrer noopener\">Propaga\u00e7\u00e3o e Radia\u00e7\u00e3o de Ondas Electromagn\u00e9ticas<\/a><\/td><td class=\"has-text-align-center\" data-align=\"center\">Ano 3, P2<\/td><td class=\"has-text-align-center\" data-align=\"center\">6<\/td><\/tr><tr><td class=\"has-text-align-left\" data-align=\"left\"><a href=\"https:\/\/fenix.tecnico.ulisboa.pt\/cursos\/leec21\/disciplina-curricular\/1690378868621454\" target=\"_blank\" rel=\"noreferrer noopener\">Telecomunica\u00e7\u00f5es<\/a><\/td><td class=\"has-text-align-center\" data-align=\"center\">Ano 3, P1<\/td><td class=\"has-text-align-center\" data-align=\"center\">6<\/td><\/tr><tr><td class=\"has-text-align-left\" data-align=\"left\"><a href=\"https:\/\/fenix.tecnico.ulisboa.pt\/cursos\/leec21\/disciplina-curricular\/1690378868621451\" target=\"_blank\" rel=\"noreferrer noopener\">Redes de Computadores e Internet<\/a><\/td><td class=\"has-text-align-center\" data-align=\"center\">Ano 3, P3<\/td><td class=\"has-text-align-center\" data-align=\"center\">6<\/td><\/tr><tr><td class=\"has-text-align-left\" data-align=\"left\"><a href=\"https:\/\/fenix.tecnico.ulisboa.pt\/cursos\/leec21\/disciplina-curricular\/1690378868621453\" target=\"_blank\" rel=\"noreferrer noopener\">Sistemas Electr\u00f3nicos<\/a><\/td><td class=\"has-text-align-center\" data-align=\"center\">Ano 3, P3<\/td><td class=\"has-text-align-center\" data-align=\"center\">6<\/td><\/tr><\/tbody><\/table><\/figure>\n\n\n\n<h4 class=\"wp-block-heading\" id=\"hass\">Humanidades, Artes e Ci\u00eancias Sociais [9 ECTS]<\/h4>\n\n\n\n<figure class=\"wp-block-table is-style-stripes\"><table><thead><tr><th class=\"has-text-align-left\" data-align=\"left\">Unidade Curricular<\/th><th class=\"has-text-align-center\" data-align=\"center\"><strong>Per\u00edodo<\/strong><\/th><th class=\"has-text-align-center\" data-align=\"center\">ECTS<\/th><\/tr><\/thead><tbody><tr><td class=\"has-text-align-left\" data-align=\"left\"><a href=\"https:\/\/fenix.tecnico.ulisboa.pt\/cursos\/leec21\/disciplina-curricular\/845953938489769\" target=\"_blank\" rel=\"noreferrer noopener\">Gest\u00e3o<\/a> (*)<\/td><td class=\"has-text-align-center\" data-align=\"center\">Ano 1, P1<\/td><td class=\"has-text-align-center\" data-align=\"center\">3<\/td><\/tr><tr><td class=\"has-text-align-left\" data-align=\"left\"><a href=\"https:\/\/fenix.tecnico.ulisboa.pt\/cursos\/leec21\/disciplina-curricular\/845953938489770\" target=\"_blank\" rel=\"noreferrer noopener\">Introdu\u00e7\u00e3o \u00e0 Economia<\/a> (*)<\/td><td class=\"has-text-align-center\" data-align=\"center\">Ano 1, P1<\/td><td class=\"has-text-align-center\" data-align=\"center\">3<\/td><\/tr><tr><td class=\"has-text-align-left\" data-align=\"left\"><a href=\"https:\/\/fenix.tecnico.ulisboa.pt\/cursos\/leec21\/disciplina-curricular\/846568118812708\" target=\"_blank\" rel=\"noreferrer noopener\">HASS I<\/a><\/td><td class=\"has-text-align-center\" data-align=\"center\">Ano 3, P1<\/td><td class=\"has-text-align-center\" data-align=\"center\">3<\/td><\/tr><tr><td class=\"has-text-align-left\" data-align=\"left\"><a href=\"https:\/\/fenix.tecnico.ulisboa.pt\/cursos\/leec21\/disciplina-curricular\/846568118812709\" target=\"_blank\" rel=\"noreferrer noopener\">HASS II<\/a><\/td><td class=\"has-text-align-center\" data-align=\"center\">Ano 3, P2<\/td><td class=\"has-text-align-center\" data-align=\"center\">3<\/td><\/tr><tr><td class=\"has-text-align-left\" data-align=\"left\">(*) Exclusividade entre Introdu\u00e7\u00e3o \u00e0 Economia e Gest\u00e3o<\/td><td class=\"has-text-align-center\" data-align=\"center\"><\/td><td class=\"has-text-align-center\" data-align=\"center\"><\/td><\/tr><\/tbody><\/table><\/figure>\n\n\n\n<h4 class=\"wp-block-heading\" id=\"pm\">Pr\u00e9-Major [12 ECTS]<\/h4>\n\n\n\n<figure class=\"wp-block-table is-style-stripes\"><table><thead><tr><th class=\"has-text-align-left\" data-align=\"left\">Unidade Curricular<\/th><th class=\"has-text-align-center\" data-align=\"center\"><strong>Per\u00edodo<\/strong><\/th><th class=\"has-text-align-center\" data-align=\"center\">ECTS<\/th><\/tr><\/thead><tbody><tr><td class=\"has-text-align-left\" data-align=\"left\"><a href=\"https:\/\/fenix.tecnico.ulisboa.pt\/cursos\/leec21\/disciplina-curricular\/1690378868621455\" target=\"_blank\" rel=\"noreferrer noopener\">Arquitectura e Gest\u00e3o de Redes<\/a><\/td><td class=\"has-text-align-center\" data-align=\"center\">Ano 3, P4<\/td><td class=\"has-text-align-center\" data-align=\"center\">6<\/td><\/tr><tr><td class=\"has-text-align-left\" data-align=\"left\"><a href=\"https:\/\/fenix.tecnico.ulisboa.pt\/cursos\/leec21\/disciplina-curricular\/1690378868621456\" target=\"_blank\" rel=\"noreferrer noopener\">Instala\u00e7\u00f5es e Edif\u00edcios Inteligentes<\/a><\/td><td class=\"has-text-align-center\" data-align=\"center\">Ano 3, P4<\/td><td class=\"has-text-align-center\" data-align=\"center\">6<\/td><\/tr><tr><td class=\"has-text-align-left\" data-align=\"left\"><a href=\"https:\/\/fenix.tecnico.ulisboa.pt\/cursos\/leec21\/disciplina-curricular\/1690378868621457\" target=\"_blank\" rel=\"noreferrer noopener\">Microelectr\u00f3nica<\/a><\/td><td class=\"has-text-align-center\" data-align=\"center\">Ano 3, P4<\/td><td class=\"has-text-align-center\" data-align=\"center\">6<\/td><\/tr><tr><td class=\"has-text-align-left\" data-align=\"left\"><a href=\"https:\/\/fenix.tecnico.ulisboa.pt\/cursos\/leec21\/disciplina-curricular\/1690378868621458\" target=\"_blank\" rel=\"noreferrer noopener\">Programa\u00e7\u00e3o Orientada por Objectos<\/a><\/td><td class=\"has-text-align-center\" data-align=\"center\">Ano 3, P4<\/td><td class=\"has-text-align-center\" data-align=\"center\">6<\/td><\/tr><tr><td class=\"has-text-align-left\" data-align=\"left\"><a href=\"https:\/\/fenix.tecnico.ulisboa.pt\/cursos\/leec21\/disciplina-curricular\/1690378868621459\" target=\"_blank\" rel=\"noreferrer noopener\">Sistemas Aut\u00f3nomos<\/a><\/td><td class=\"has-text-align-center\" data-align=\"center\">Ano 3, P4<\/td><td class=\"has-text-align-center\" data-align=\"center\">6<\/td><\/tr><tr><td class=\"has-text-align-left\" data-align=\"left\"><a href=\"https:\/\/fenix.tecnico.ulisboa.pt\/cursos\/leec21\/disciplina-curricular\/1690378868621460\" target=\"_blank\" rel=\"noreferrer noopener\">Sistemas de Telecomunica\u00e7\u00f5es<\/a><\/td><td class=\"has-text-align-center\" data-align=\"center\">Ano 3, P4<\/td><td class=\"has-text-align-center\" data-align=\"center\">6<\/td><\/tr><\/tbody><\/table><\/figure>\n\n\n\n<h4 class=\"wp-block-heading\" id=\"pi\">Projecto Integrador [6 ECTS]<\/h4>\n\n\n\n<figure class=\"wp-block-table is-style-stripes\"><table><thead><tr><th class=\"has-text-align-left\" data-align=\"left\">Unidade Curricular<\/th><th class=\"has-text-align-center\" data-align=\"center\"><strong>Per\u00edodo<\/strong><\/th><th class=\"has-text-align-center\" data-align=\"center\">ECTS<\/th><\/tr><\/thead><tbody><tr><td class=\"has-text-align-left\" data-align=\"left\"><a href=\"https:\/\/fenix.tecnico.ulisboa.pt\/cursos\/leec21\/disciplina-curricular\/845953938490211\">Projecto Integrador de 1\u00ba Ciclo em Engenharia <\/a><a href=\"https:\/\/fenix.tecnico.ulisboa.pt\/cursos\/leec21\/disciplina-curricular\/845953938490211\" target=\"_blank\" rel=\"noreferrer noopener\">Electrot\u00e9cnica<\/a><a href=\"https:\/\/fenix.tecnico.ulisboa.pt\/cursos\/leec21\/disciplina-curricular\/845953938490211\"> e de Computadores<\/a><\/td><td class=\"has-text-align-center\" data-align=\"center\">Ano 3, Sem. 1 ou 2<\/td><td class=\"has-text-align-center\" data-align=\"center\">6<\/td><\/tr><\/tbody><\/table><\/figure>\n","protected":false},"excerpt":{"rendered":"<p>LEEC Licenciatura em Engenharia Eletrot\u00e9cnica e de Computadores Esta p\u00e1gina encontra-se dividida em duas sec\u00e7\u00f5es: &#8220;Planifica\u00e7\u00e3o por Semestres e Per\u00edodos&#8221;, e &#8220;\u00c1reas e Unidades Curriculares&#8221;. Os planos de estudos das licenciaturas no Instituto Superior T\u00e9cnico e o plano de transi\u00e7\u00e3o do curso de Engenharia Electrot\u00e9cnica e de Computadores podem ser consultados no site do MEPP. [&hellip;]<\/p>\n","protected":false},"author":1,"featured_media":0,"parent":0,"menu_order":0,"comment_status":"closed","ping_status":"closed","template":"","meta":{"material-hide-sections":[],"footnotes":""},"class_list":["post-98","page","type-page","status-publish","hentry"],"yoast_head":"<!-- This site is optimized with the Yoast SEO plugin v27.5 - https:\/\/yoast.com\/product\/yoast-seo-wordpress\/ -->\n<title>LEEC<\/title>\n<meta name=\"robots\" content=\"index, follow, max-snippet:-1, max-image-preview:large, max-video-preview:-1\" \/>\n<link rel=\"canonical\" href=\"https:\/\/scdeec.tecnico.ulisboa.pt\/mepp\/index.php\/licenciatura\/\" \/>\n<meta property=\"og:locale\" content=\"en_US\" \/>\n<meta property=\"og:type\" content=\"article\" \/>\n<meta property=\"og:title\" content=\"LEEC\" \/>\n<meta property=\"og:url\" content=\"https:\/\/scdeec.tecnico.ulisboa.pt\/mepp\/index.php\/licenciatura\/\" \/>\n<meta property=\"og:site_name\" content=\"Engenharia Electrot\u00e9cnica e de Computadores\u00a0no MEPP 21-22\" \/>\n<meta property=\"article:modified_time\" content=\"2021-04-15T15:48:54+00:00\" \/>\n<meta property=\"og:image\" content=\"https:\/\/scdeec.tecnico.ulisboa.pt\/mepp\/wp-content\/uploads\/2021\/03\/1oano-1024x427.png\" \/>\n<meta name=\"twitter:card\" content=\"summary_large_image\" \/>\n<meta name=\"twitter:label1\" content=\"Est. reading time\" \/>\n\t<meta name=\"twitter:data1\" content=\"4 minutes\" \/>\n<script type=\"application\/ld+json\" class=\"yoast-schema-graph\">{\"@context\":\"https:\\\/\\\/schema.org\",\"@graph\":[{\"@type\":\"WebPage\",\"@id\":\"https:\\\/\\\/scdeec.tecnico.ulisboa.pt\\\/mepp\\\/index.php\\\/licenciatura\\\/\",\"url\":\"https:\\\/\\\/scdeec.tecnico.ulisboa.pt\\\/mepp\\\/index.php\\\/licenciatura\\\/\",\"name\":\"LEEC\",\"isPartOf\":{\"@id\":\"https:\\\/\\\/scdeec.tecnico.ulisboa.pt\\\/mepp\\\/#website\"},\"primaryImageOfPage\":{\"@id\":\"https:\\\/\\\/scdeec.tecnico.ulisboa.pt\\\/mepp\\\/index.php\\\/licenciatura\\\/#primaryimage\"},\"image\":{\"@id\":\"https:\\\/\\\/scdeec.tecnico.ulisboa.pt\\\/mepp\\\/index.php\\\/licenciatura\\\/#primaryimage\"},\"thumbnailUrl\":\"https:\\\/\\\/scdeec.tecnico.ulisboa.pt\\\/mepp\\\/wp-content\\\/uploads\\\/2021\\\/03\\\/1oano-1024x427.png\",\"datePublished\":\"2021-02-22T22:02:37+00:00\",\"dateModified\":\"2021-04-15T15:48:54+00:00\",\"breadcrumb\":{\"@id\":\"https:\\\/\\\/scdeec.tecnico.ulisboa.pt\\\/mepp\\\/index.php\\\/licenciatura\\\/#breadcrumb\"},\"inLanguage\":\"en-US\",\"potentialAction\":[{\"@type\":\"ReadAction\",\"target\":[\"https:\\\/\\\/scdeec.tecnico.ulisboa.pt\\\/mepp\\\/index.php\\\/licenciatura\\\/\"]}]},{\"@type\":\"ImageObject\",\"inLanguage\":\"en-US\",\"@id\":\"https:\\\/\\\/scdeec.tecnico.ulisboa.pt\\\/mepp\\\/index.php\\\/licenciatura\\\/#primaryimage\",\"url\":\"https:\\\/\\\/scdeec.tecnico.ulisboa.pt\\\/mepp\\\/wp-content\\\/uploads\\\/2021\\\/03\\\/1oano.png\",\"contentUrl\":\"https:\\\/\\\/scdeec.tecnico.ulisboa.pt\\\/mepp\\\/wp-content\\\/uploads\\\/2021\\\/03\\\/1oano.png\",\"width\":1807,\"height\":753},{\"@type\":\"BreadcrumbList\",\"@id\":\"https:\\\/\\\/scdeec.tecnico.ulisboa.pt\\\/mepp\\\/index.php\\\/licenciatura\\\/#breadcrumb\",\"itemListElement\":[{\"@type\":\"ListItem\",\"position\":1,\"name\":\"Home\",\"item\":\"https:\\\/\\\/scdeec.tecnico.ulisboa.pt\\\/mepp\\\/\"},{\"@type\":\"ListItem\",\"position\":2,\"name\":\"LEEC\"}]},{\"@type\":\"WebSite\",\"@id\":\"https:\\\/\\\/scdeec.tecnico.ulisboa.pt\\\/mepp\\\/#website\",\"url\":\"https:\\\/\\\/scdeec.tecnico.ulisboa.pt\\\/mepp\\\/\",\"name\":\"Engenharia Electrot\u00e9cnica e de Computadores\u00a0no MEPP 21-22\",\"description\":\"\",\"publisher\":{\"@id\":\"https:\\\/\\\/scdeec.tecnico.ulisboa.pt\\\/mepp\\\/#organization\"},\"inLanguage\":\"en-US\"},{\"@type\":\"Organization\",\"@id\":\"https:\\\/\\\/scdeec.tecnico.ulisboa.pt\\\/mepp\\\/#organization\",\"name\":\"Engenharia Electrot\u00e9cnica e de Computadores\u00a0no MEPP 21-22\",\"url\":\"https:\\\/\\\/scdeec.tecnico.ulisboa.pt\\\/mepp\\\/\",\"logo\":{\"@type\":\"ImageObject\",\"inLanguage\":\"en-US\",\"@id\":\"https:\\\/\\\/scdeec.tecnico.ulisboa.pt\\\/mepp\\\/#\\\/schema\\\/logo\\\/image\\\/\",\"url\":\"https:\\\/\\\/scdeec.tecnico.ulisboa.pt\\\/mepp\\\/wp-content\\\/uploads\\\/2021\\\/02\\\/cropped-DEEC_RGB-2.png\",\"contentUrl\":\"https:\\\/\\\/scdeec.tecnico.ulisboa.pt\\\/mepp\\\/wp-content\\\/uploads\\\/2021\\\/02\\\/cropped-DEEC_RGB-2.png\",\"width\":1583,\"height\":490,\"caption\":\"Engenharia Electrot\u00e9cnica e de Computadores\u00a0no MEPP 21-22\"},\"image\":{\"@id\":\"https:\\\/\\\/scdeec.tecnico.ulisboa.pt\\\/mepp\\\/#\\\/schema\\\/logo\\\/image\\\/\"}}]}<\/script>\n<!-- \/ Yoast SEO plugin. -->","yoast_head_json":{"title":"LEEC","robots":{"index":"index","follow":"follow","max-snippet":"max-snippet:-1","max-image-preview":"max-image-preview:large","max-video-preview":"max-video-preview:-1"},"canonical":"https:\/\/scdeec.tecnico.ulisboa.pt\/mepp\/index.php\/licenciatura\/","og_locale":"en_US","og_type":"article","og_title":"LEEC","og_url":"https:\/\/scdeec.tecnico.ulisboa.pt\/mepp\/index.php\/licenciatura\/","og_site_name":"Engenharia Electrot\u00e9cnica e de Computadores\u00a0no MEPP 21-22","article_modified_time":"2021-04-15T15:48:54+00:00","og_image":[{"url":"https:\/\/scdeec.tecnico.ulisboa.pt\/mepp\/wp-content\/uploads\/2021\/03\/1oano-1024x427.png","type":"","width":"","height":""}],"twitter_card":"summary_large_image","twitter_misc":{"Est. reading time":"4 minutes"},"schema":{"@context":"https:\/\/schema.org","@graph":[{"@type":"WebPage","@id":"https:\/\/scdeec.tecnico.ulisboa.pt\/mepp\/index.php\/licenciatura\/","url":"https:\/\/scdeec.tecnico.ulisboa.pt\/mepp\/index.php\/licenciatura\/","name":"LEEC","isPartOf":{"@id":"https:\/\/scdeec.tecnico.ulisboa.pt\/mepp\/#website"},"primaryImageOfPage":{"@id":"https:\/\/scdeec.tecnico.ulisboa.pt\/mepp\/index.php\/licenciatura\/#primaryimage"},"image":{"@id":"https:\/\/scdeec.tecnico.ulisboa.pt\/mepp\/index.php\/licenciatura\/#primaryimage"},"thumbnailUrl":"https:\/\/scdeec.tecnico.ulisboa.pt\/mepp\/wp-content\/uploads\/2021\/03\/1oano-1024x427.png","datePublished":"2021-02-22T22:02:37+00:00","dateModified":"2021-04-15T15:48:54+00:00","breadcrumb":{"@id":"https:\/\/scdeec.tecnico.ulisboa.pt\/mepp\/index.php\/licenciatura\/#breadcrumb"},"inLanguage":"en-US","potentialAction":[{"@type":"ReadAction","target":["https:\/\/scdeec.tecnico.ulisboa.pt\/mepp\/index.php\/licenciatura\/"]}]},{"@type":"ImageObject","inLanguage":"en-US","@id":"https:\/\/scdeec.tecnico.ulisboa.pt\/mepp\/index.php\/licenciatura\/#primaryimage","url":"https:\/\/scdeec.tecnico.ulisboa.pt\/mepp\/wp-content\/uploads\/2021\/03\/1oano.png","contentUrl":"https:\/\/scdeec.tecnico.ulisboa.pt\/mepp\/wp-content\/uploads\/2021\/03\/1oano.png","width":1807,"height":753},{"@type":"BreadcrumbList","@id":"https:\/\/scdeec.tecnico.ulisboa.pt\/mepp\/index.php\/licenciatura\/#breadcrumb","itemListElement":[{"@type":"ListItem","position":1,"name":"Home","item":"https:\/\/scdeec.tecnico.ulisboa.pt\/mepp\/"},{"@type":"ListItem","position":2,"name":"LEEC"}]},{"@type":"WebSite","@id":"https:\/\/scdeec.tecnico.ulisboa.pt\/mepp\/#website","url":"https:\/\/scdeec.tecnico.ulisboa.pt\/mepp\/","name":"Engenharia Electrot\u00e9cnica e de Computadores\u00a0no MEPP 21-22","description":"","publisher":{"@id":"https:\/\/scdeec.tecnico.ulisboa.pt\/mepp\/#organization"},"inLanguage":"en-US"},{"@type":"Organization","@id":"https:\/\/scdeec.tecnico.ulisboa.pt\/mepp\/#organization","name":"Engenharia Electrot\u00e9cnica e de Computadores\u00a0no MEPP 21-22","url":"https:\/\/scdeec.tecnico.ulisboa.pt\/mepp\/","logo":{"@type":"ImageObject","inLanguage":"en-US","@id":"https:\/\/scdeec.tecnico.ulisboa.pt\/mepp\/#\/schema\/logo\/image\/","url":"https:\/\/scdeec.tecnico.ulisboa.pt\/mepp\/wp-content\/uploads\/2021\/02\/cropped-DEEC_RGB-2.png","contentUrl":"https:\/\/scdeec.tecnico.ulisboa.pt\/mepp\/wp-content\/uploads\/2021\/02\/cropped-DEEC_RGB-2.png","width":1583,"height":490,"caption":"Engenharia Electrot\u00e9cnica e de Computadores\u00a0no MEPP 21-22"},"image":{"@id":"https:\/\/scdeec.tecnico.ulisboa.pt\/mepp\/#\/schema\/logo\/image\/"}}]}},"_links":{"self":[{"href":"https:\/\/scdeec.tecnico.ulisboa.pt\/mepp\/index.php\/wp-json\/wp\/v2\/pages\/98","targetHints":{"allow":["GET"]}}],"collection":[{"href":"https:\/\/scdeec.tecnico.ulisboa.pt\/mepp\/index.php\/wp-json\/wp\/v2\/pages"}],"about":[{"href":"https:\/\/scdeec.tecnico.ulisboa.pt\/mepp\/index.php\/wp-json\/wp\/v2\/types\/page"}],"author":[{"embeddable":true,"href":"https:\/\/scdeec.tecnico.ulisboa.pt\/mepp\/index.php\/wp-json\/wp\/v2\/users\/1"}],"replies":[{"embeddable":true,"href":"https:\/\/scdeec.tecnico.ulisboa.pt\/mepp\/index.php\/wp-json\/wp\/v2\/comments?post=98"}],"version-history":[{"count":101,"href":"https:\/\/scdeec.tecnico.ulisboa.pt\/mepp\/index.php\/wp-json\/wp\/v2\/pages\/98\/revisions"}],"predecessor-version":[{"id":1299,"href":"https:\/\/scdeec.tecnico.ulisboa.pt\/mepp\/index.php\/wp-json\/wp\/v2\/pages\/98\/revisions\/1299"}],"wp:attachment":[{"href":"https:\/\/scdeec.tecnico.ulisboa.pt\/mepp\/index.php\/wp-json\/wp\/v2\/media?parent=98"}],"curies":[{"name":"wp","href":"https:\/\/api.w.org\/{rel}","templated":true}]}}